{"id":319,"date":"2018-09-14T02:42:37","date_gmt":"2018-09-14T02:42:37","guid":{"rendered":"http:\/\/beuf.fcaglp.unlp.edu.ar\/wordpress\/?page_id=319"},"modified":"2020-06-12T10:49:13","modified_gmt":"2020-06-12T13:49:13","slug":"telescopio-astrografico","status":"publish","type":"page","link":"http:\/\/museo.fcaglp.unlp.edu.ar\/index.php\/telescopio-astrografico\/","title":{"rendered":"Telescopio Astrogr\u00e1fico"},"content":{"rendered":"<h2 align=\"CENTER\"><span style=\"color: #008000;\"><b>El Telescopio Astrogr\u00e1fico<\/b><\/span><\/h2>\n<p align=\"JUSTIFY\"><span style=\"color: #000000;\">En abril de 1886, el Poder Ejecutivo de la Provincia de Bs. As. autoriz\u00f3 al Director del Observatorio Astron\u00f3mico de La Plata (OALP), Se\u00f1or Don Francisco Beuf la compra de un telescopio refractor fotogr\u00e1fico de 15 cm de abertura que fue solicitado al Director del Observatorio de Par\u00eds, Almirante Mouchez. <\/span><\/p>\n<p align=\"JUSTIFY\"><span style=\"color: #000000;\">Por aquella \u00e9poca, debido a los esfuerzos de los Hermanos Henry del Observatorio de Par\u00eds, la fotograf\u00eda celeste realiz\u00f3 grandes progresos y abri\u00f3 nuevos campos de investigaci\u00f3n. <\/span><\/p>\n<p align=\"JUSTIFY\"><span style=\"color: #000000;\">Cuando lleg\u00f3 a Par\u00eds la orden para la construcci\u00f3n del instrumento, ya se estaba proye<\/span><span style=\"color: #000000;\"><img loading=\"lazy\" decoding=\"async\" class=\"wp-image-325 alignleft\" src=\"http:\/\/museo.fcaglp.unlp.edu.ar\/wp-content\/uploads\/2018\/09\/astro400.jpg\" alt=\"\" width=\"300\" height=\"215\" \/><\/span><span style=\"color: #000000;\">ctando all\u00ed, para el a\u00f1o siguiente, la realizaci\u00f3n de un Congreso Astrogr\u00e1fico con el objeto de iniciar la formaci\u00f3n de un gran cat\u00e1logo fotogr\u00e1fico y mapa de todo el cielo, que se conocer\u00eda como la <i>\u00abCarte du Ciel\u00bb<\/i>. Este trabajo deb\u00eda realizarse mediante la cooperaci\u00f3n de varios observatorios usando instrumentos del mismo tipo. Esta circunstancia influy\u00f3 al Almirante Mouchez a comunicarse con las autoridades del Observatorio de La Plata para informarles de los progresos en la fotograf\u00eda celeste, del pr\u00f3ximo Congreso Astrogr\u00e1fico e invitar a representantes de La Plata para asistir a la Reuni\u00f3n. Al mismo tiempo les recomendaba realizaran las modificaciones necesarias para adquirir un telescopio astrogr\u00e1fico igual al de Par\u00eds. El Poder Ejecutivo acept\u00f3 inmediatamente esta recomendaci\u00f3n, autorizando la compra de un instrumento mayor. El Director Beuf asisti\u00f3 al Congreso en representaci\u00f3n del Observatorio y fue nombrado miembro del Comit\u00e9 P<\/span><span style=\"color: #000000;\">ermanente que ten\u00eda a cargo la confecci\u00f3n de los planos para la gran obra. Contando con el instrumento que ya s<\/span><span style=\"color: #000000;\">e hab\u00eda encargado, el Director Beuf ofreci\u00f3 al O.A.L.P. para hacerse cargo de una zona del cielo austral, si\u00e9ndole asignada la comprendida entre los paralelos <b>&#8211;<\/b>24\u00b0 y <b>&#8211;<\/b>31\u00b0.\u00a0<\/span><\/p>\n<p align=\"JUSTIFY\"><span style=\"color: #000000;\">En Agosto de 1890 lleg\u00f3 el instrumento y la c\u00fapula fue erigida en Noviembre siguiente. Por este tiempo, una fuerte crisis financiera se hizo sentir en la Rep\u00fablica y el Observatorio no recibi\u00f3 el dinero que se hab\u00eda asignado para este trabajo. Adem\u00e1s, antes de que se pudiera hacer nada con el nuevo instrumento, se quebr\u00f3 accidentalmente el objetivo. En esa \u00e9poca el Observatorio no pod\u00eda comprar otro objetivo y la zona que le hab\u00eda sido asignada la tom\u00f3 m\u00e1s tarde el Observatorio de C\u00f3rdoba. Durante la administraci\u00f3n del Doctor Porro se adquiri\u00f3 un nuevo objetivo de la Casa Carl Zeiss que se coloc\u00f3 en el instrumento en agosto de 1913, obteni\u00e9ndose las primeras fotograf\u00edas astron\u00f3micas con este telescopio. <\/span><\/p>\n<p align=\"JUSTIFY\"><span style=\"color: #000000;\">El di\u00e1metro del objetivo es de 342 mil\u00edmetros y su distancia focal es de 3.42 metros. Las fotograf\u00edas obtenidas son aproximadamente en la escala 1 mm = 1\u00b4.<\/span><\/p>\n<p align=\"JUSTIFY\"><span style=\"color: #000000;\"><br \/>\nLa montura es de tipo ecuatorial, con el eje polar soportado por dos pilares de fundaci\u00f3n en sus extremos. Este tipo de montura, facilita las exposiciones ya que permite la observaci\u00f3n sin necesidad de invertir el instrumento al pasar por el meridiano. El tubo del telescopio es de secci\u00f3n rectangular, dividido longitudinalmente en dos partes, una que forma el tubo del telescopio gu\u00eda y la otra el telescopio fotogr\u00e1fico (para la fotograf\u00eda sobre placas). Este \u00faltimo est\u00e1 provisto de un chasis situado en el plano focal del sistema objetivo, para colocar la placa fotogr\u00e1fica. <\/span><\/p>\n<p align=\"JUSTIFY\"><span style=\"color: #000000;\">La observaci\u00f3n fotogr\u00e1fica de asteroides y cometas se ha llevado a cabo en el Observatorio de La Plata desde la adquisici\u00f3n, y p<\/span><span style=\"color: #000000;\">uesta en funcionamiento del telescopio Astrogr\u00e1fico en el a\u00f1o 1913. Este telescopio funcion\u00f3 en forma ininterrumpida hasta el a\u00f1o 1986, proporcionando un gran n\u00famero de placas fotogr\u00e1ficas. <\/span><\/p>\n<p align=\"JUSTIFY\"><span style=\"color: #000000;\">Durante estos a\u00f1os de observaci\u00f3n<\/span><span style=\"color: #000000;\"> el Observatorio de La Plata, ha contribuido de forma significativa en la determinaci\u00f3n precisa de las posiciones y efem\u00e9rides de asteroides y cometas. Es interesante recordar, adem\u00e1s que se han descubierto varios asteroides en este per\u00edodo, como por ejemplo: (965) Ang\u00e9lica, (1029) La Plata, (1254) Erfodia. <\/span><\/p>\n<p align=\"JUSTIFY\"><span style=\"color: #000000;\">El telescopio dej\u00f3 de utilizarse en el a\u00f1o 1986, debido a las malas condiciones existentes para la observaci\u00f3n, como la luz de la ciudad de La Plata y la poluci\u00f3n y luminosidad provocada por la planta petroqu\u00edmica ubicada al Norte del Observatorio en la localidad de Ensenada. Por otro lado las placas fotogr\u00e1ficas se hab\u00edan dejado de fabricar da<\/span><span style=\"color: #000000;\">ndo paso a las modernas t\u00e9cnicas de fotograf\u00eda astron\u00f3mica, con detectores digitales . Sin embargo, durante los m\u00e1s de 80 a\u00f1os de observaci\u00f3n con este telescopio se obtuvo una gran cantidad de placas fotogr\u00e1ficas de asteroides y cometas que cubren gran parte del cielo del hemisferio sur, el <\/span><span style=\"color: #000000;\">cual era considerablemente menos fotografiado que el norte.<\/span><\/p>\n<p>Texto extra\u00eddo de:<\/p>\n<ul>\n<li>Descripci\u00f3n general del Observatorio, su posici\u00f3n geogr\u00e1fica, y observaciones de cometas y de estrellas dobles. Publicaciones del Observatorio Astron\u00f3mico de la Universidad Nacional de La Plata; Tomo 1, La Plata. Hussey W. J., Delavan\u00a0P. T. y Dawson\u00a0B. H. 1914<\/li>\n<\/ul>\n","protected":false},"excerpt":{"rendered":"<p>El Telescopio Astrogr\u00e1fico En abril de 1886, el Poder Ejecutivo de la Provincia de Bs. As. autoriz\u00f3 al Director del Observatorio Astron\u00f3mico de La Plata (OALP), Se\u00f1or Don Francisco Beuf la compra de un telescopio refractor fotogr\u00e1fico de 15 cm de abertura que fue solicitado al Director del Observatorio de Par\u00eds, Almirante Mouchez. Por aquella &hellip; <\/p>\n<p class=\"link-more\"><a href=\"http:\/\/museo.fcaglp.unlp.edu.ar\/index.php\/telescopio-astrografico\/\" class=\"more-link\">Continuar leyendo<span class=\"screen-reader-text\"> \u00abTelescopio Astrogr\u00e1fico\u00bb<\/span><\/a><\/p>\n","protected":false},"author":1,"featured_media":0,"parent":0,"menu_order":0,"comment_status":"closed","ping_status":"closed","template":"","meta":{"footnotes":""},"class_list":["post-319","page","type-page","status-publish","hentry"],"_links":{"self":[{"href":"http:\/\/museo.fcaglp.unlp.edu.ar\/index.php\/wp-json\/wp\/v2\/pages\/319","targetHints":{"allow":["GET"]}}],"collection":[{"href":"http:\/\/museo.fcaglp.unlp.edu.ar\/index.php\/wp-json\/wp\/v2\/pages"}],"about":[{"href":"http:\/\/museo.fcaglp.unlp.edu.ar\/index.php\/wp-json\/wp\/v2\/types\/page"}],"author":[{"embeddable":true,"href":"http:\/\/museo.fcaglp.unlp.edu.ar\/index.php\/wp-json\/wp\/v2\/users\/1"}],"replies":[{"embeddable":true,"href":"http:\/\/museo.fcaglp.unlp.edu.ar\/index.php\/wp-json\/wp\/v2\/comments?post=319"}],"version-history":[{"count":7,"href":"http:\/\/museo.fcaglp.unlp.edu.ar\/index.php\/wp-json\/wp\/v2\/pages\/319\/revisions"}],"predecessor-version":[{"id":1134,"href":"http:\/\/museo.fcaglp.unlp.edu.ar\/index.php\/wp-json\/wp\/v2\/pages\/319\/revisions\/1134"}],"wp:attachment":[{"href":"http:\/\/museo.fcaglp.unlp.edu.ar\/index.php\/wp-json\/wp\/v2\/media?parent=319"}],"curies":[{"name":"wp","href":"https:\/\/api.w.org\/{rel}","templated":true}]}}